{"id":5323,"date":"2026-04-18T13:29:57","date_gmt":"2026-04-18T13:29:57","guid":{"rendered":"https:\/\/www.jglobe.hu\/adatkezelesi-tajekoztato\/"},"modified":"2026-04-21T13:27:40","modified_gmt":"2026-04-21T13:27:40","slug":"adatkezelesi-tajekoztato","status":"publish","type":"page","link":"https:\/\/www.jglobe.hu\/de\/adatkezelesi-tajekoztato\/","title":{"rendered":"Datenschutzerkl\u00e4rung"},"content":{"rendered":"<section id=\"bt_section69f28f0fee75d\"  class=\"boldSection topSemiSpaced bottomSemiSpaced gutter boxed inherit\" ><div class=\"port\"><div class=\"boldCell\"><div class=\"boldCellInner\"><div class=\"boldRow \" ><div class=\"boldRowInner\"><div class=\"rowItem col-md-12 col-ms-12  btTextLeft\"  data-width=\"12\"><div class=\"rowItemContent\" ><div class=\"btText\" ><\/p>\n<p style=\"text-align: justify\">Im Zusammenhang mit der Verarbeitung personenbezogener Daten informiert der Verantwortliche (Julius-Globe GmbH) die Nutzer der Website hiermit \u00fcber die von ihm auf der Website verarbeiteten personenbezogenen Daten, die bei der Verarbeitung personenbezogener Daten verfolgten Grunds\u00e4tze und Praktiken, die zum Schutz personenbezogener Daten getroffenen organisatorischen und technischen Massnahmen sowie die M\u00f6glichkeiten und Wege zur Aus\u00fcbung der Rechte der betroffenen Personen.<\/p>\n<p style=\"text-align: justify\">Bei der Ausgestaltung dieser Datenschutzinformation hat der Verantwortliche die Bestimmungen der Verordnung (EU) 2016\/679 des Europ\u00e4ischen Parlaments und des Rates (&#8222;Datenschutz-Grundverordnung&#8220; oder &#8222;DSGVO&#8220;), des ungarischen Gesetzes CXII von 2011 \u00fcber das Recht auf informationelle Selbstbestimmung und Informationsfreiheit (&#8222;Infotv.&#8220;), des ungarischen B\u00fcrgerlichen Gesetzbuches (Gesetz V von 2013, &#8222;Ptk.&#8220;) sowie des Gesetzes XLVIII von 2008 \u00fcber die Grundvoraussetzungen und bestimmte Beschr\u00e4nkungen der kommerziellen Werbet\u00e4tigkeit (&#8222;Grtv.&#8220;) ber\u00fccksichtigt.<\/p>\n<p>\n<\/div><div class=\"btClear btSeparator topSemiSpaced noBorder\" ><hr><\/div><div class=\"btText\" ><\/p>\n<h4>Angaben zum Verantwortlichen<\/h4>\n<ul>\n<li>Firmenname: Julius-Globe GmbH<\/li>\n<li>Eingetragener Sitz: H-2040 Buda\u00f6rs, Gy\u00e1r utca 2. (BITEP &#8211; Bolyai J\u00e1nos utca 23. Geb\u00e4ude)<\/li>\n<li>Betriebsstandort: H-9081 Gy\u0151r\u00fajbar\u00e1t, Istv\u00e1n utca 176.<\/li>\n<li>Handelsregisternummer: 13-09-233766<\/li>\n<li>Steuernummer: 11761493-4-13<\/li>\n<li>EU-Umsatzsteuer-Identifikationsnummer: HU11761493<\/li>\n<li>Website: <a href=\"https:\/\/www.jglobe.hu\/de\" target=\"_blank\">www.jglobe.hu\/de<\/a><\/li>\n<li>E-Mail: <a href=\"mailto:info@jglobe.hu\">info@jglobe.hu<\/a><\/li>\n<li>Datenschutzbeauftragter: Der Verantwortliche ist gem\u00e4ss Art. 37 DSGVO nicht zur Benennung eines Datenschutzbeauftragten verpflichtet<\/li>\n<\/ul>\n<p>\n<\/div><div class=\"btClear btSeparator topSemiSpaced noBorder\" ><hr><\/div><div class=\"btText\" ><\/p>\n<p style=\"text-align: justify\">Der Verantwortliche kann bestimmte Dienste auf seiner Website von einer vorherigen Registrierung abh\u00e4ngig machen. \u00dcber unsere Website haben Sie die M\u00f6glichkeit, ein Angebot f\u00fcr CNC-Bearbeitung, Vorrichtungskonstruktion, F&amp;E-Projekte oder sonstige metallbearbeitende Dienstleistungen anzufordern &#8211; dies kann \u00fcber die auf unserer Website angegebene E-Mail-Adresse oder das Kontaktformular erfolgen. Auf Grundlage der eingegangenen Nachrichten werden Ihr Name und Ihre E-Mail-Adresse erfasst. Sollten Sie kein Kunde unseres Unternehmens werden, werden diese Daten unverz\u00fcglich gel\u00f6scht. Wenn Sie sich auf eine unserer offenen Stellen bewerben, werden die in Ihrer Bewerbung angegebenen Daten (pers\u00f6nliche Identifikationsdaten, Lebenslaufdaten) verarbeitet. Sollten Sie nicht Mitarbeiter unseres Unternehmens werden, werden diese Daten unverz\u00fcglich gel\u00f6scht.<\/p>\n<p style=\"text-align: justify\">Als allgemeiner Grundsatz gilt, dass personenbezogene Daten, die zum Zweck des Vertragsabschlusses oder zur Erf\u00fcllung gesetzlicher Pflichten erhoben wurden, sowie Daten, die beim Besuch der Website gesammelt werden, vertraulich, im Einklang mit den geltenden Datenschutzvorschriften und EU-Anforderungen sowie gem\u00e4ss dieser Datenschutzinformation verarbeitet werden.<\/p>\n<p style=\"text-align: justify\">Sollte ein mit dem Betrieb der Website des Verantwortlichen technisch verbundener Dienstleister (typischerweise ein Internetdienstanbieter oder Hosting-Anbieter) ohne Wissen des Verantwortlichen Datenverarbeitungsaktivit\u00e4ten auf der Website durchf\u00fchren, gilt eine solche T\u00e4tigkeit nicht als Datenverarbeitung durch den Verantwortlichen. Derartige externe Dienstleister sind nicht zur Verarbeitung personenbezogener Daten berechtigt.<\/p>\n<p>\n<\/div><div class=\"btClear btSeparator topSemiSpaced noBorder\" ><hr><\/div><div class=\"btText\" ><\/p>\n<h4>Begriffsbestimmungen<\/h4>\n<p style=\"text-align: justify\"><strong>Betroffene Person:<\/strong> jede bestimmte oder &#8211; direkt oder indirekt &#8211; bestimmbare nat\u00fcrliche Person.<\/p>\n<p style=\"text-align: justify\"><strong>Personenbezogene Daten:<\/strong> alle Daten, die mit einer betroffenen Person in Verbindung gebracht werden k\u00f6nnen &#8211; insbesondere Name, Kennnummer sowie ein oder mehrere Merkmale, die f\u00fcr die physische, physiologische, psychische, wirtschaftliche, kulturelle oder soziale Identit\u00e4t der betroffenen Person charakteristisch sind &#8211; sowie Schlussfolgerungen, die aus solchen Daten in Bezug auf die betroffene Person gezogen werden k\u00f6nnen.<\/p>\n<p style=\"text-align: justify\"><strong>Einwilligung:<\/strong> eine freiwillige und ausdr\u00fcckliche Willensbekundung der betroffenen Person, die auf angemessener Information beruht und mit der sie ihre unmissverst\u00e4ndliche Zustimmung zur Verarbeitung der sie betreffenden personenbezogenen Daten &#8211; vollst\u00e4ndig oder f\u00fcr bestimmte Vorg\u00e4nge &#8211; erteilt.<\/p>\n<p style=\"text-align: justify\"><strong>Widerspruch:<\/strong> eine Erkl\u00e4rung der betroffenen Person, mit der sie der Verarbeitung ihrer personenbezogenen Daten widerspricht und die Einstellung der Verarbeitung oder die L\u00f6schung der verarbeiteten Daten verlangt.<\/p>\n<p style=\"text-align: justify\"><strong>Verantwortlicher:<\/strong> eine nat\u00fcrliche oder juristische Person oder eine Organisation ohne Rechtspers\u00f6nlichkeit, die allein oder gemeinsam mit anderen die Zwecke und Mittel der Datenverarbeitung bestimmt, die diesbez\u00fcglichen Entscheidungen trifft und umsetzt oder durch einen beauftragten Auftragsverarbeiter umsetzen l\u00e4sst.<\/p>\n<p style=\"text-align: justify\"><strong>Verarbeitung:<\/strong> jeder Vorgang oder jede Vorgangsreihe, der bzw. die mit personenbezogenen Daten durchgef\u00fchrt wird, unabh\u00e4ngig vom angewandten Verfahren &#8211; insbesondere Erhebung, Erfassung, Organisation, Speicherung, Ver\u00e4nderung, Nutzung, Abfrage, \u00dcbermittlung, Offenlegung, Abgleich oder Verkn\u00fcpfung, Sperrung, L\u00f6schung und Vernichtung von Daten sowie die Verhinderung der weiteren Nutzung, die Anfertigung von Foto-, Ton- oder Bildaufnahmen sowie die Aufzeichnung k\u00f6rperlicher Merkmale, die zur Identifizierung einer Person geeignet sind (z.B. Fingerabdr\u00fccke, Handfl\u00e4chenabdr\u00fccke, DNS-Proben, Irisbilder).<\/p>\n<p style=\"text-align: justify\"><strong>Daten\u00fcbermittlung:<\/strong> die Zug\u00e4nglichmachung von Daten f\u00fcr eine bestimmte dritte Person.<\/p>\n<p style=\"text-align: justify\"><strong>Offenlegung:<\/strong> die Zug\u00e4nglichmachung von Daten f\u00fcr jedermann.<\/p>\n<p style=\"text-align: justify\"><strong>L\u00f6schung:<\/strong> die Unkenntlichmachung von Daten in einer Weise, die eine Wiederherstellung dauerhaft ausschliesst.<\/p>\n<p style=\"text-align: justify\"><strong>Dateibestand:<\/strong> die Gesamtheit der in einem Register verarbeiteten Daten.<\/p>\n<p style=\"text-align: justify\"><strong>Dritter:<\/strong> eine nat\u00fcrliche oder juristische Person oder eine Organisation ohne Rechtspers\u00f6nlichkeit, die nicht identisch mit der betroffenen Person, dem Verantwortlichen oder dem Auftragsverarbeiter ist.<\/p>\n<p style=\"text-align: justify\"><strong>Besondere Kategorien personenbezogener Daten:<\/strong><\/p>\n<ul>\n<li style=\"text-align: justify\">a) personenbezogene Daten \u00fcber die rassische oder ethnische Herkunft, die Zugeh\u00f6rigkeit zu einer nationalen oder ethnischen Minderheit, die politische Meinung oder Parteizugeh\u00f6rigkeit, die religi\u00f6se oder sonstige Weltanschauung, die Mitgliedschaft in einer Interessenvertretungsorganisation oder das Sexualleben;<\/li>\n<li style=\"text-align: justify\">b) personenbezogene Daten \u00fcber den Gesundheitszustand oder krankhafte Sucht sowie strafrechtlich relevante personenbezogene Daten.<\/li>\n<\/ul>\n<p>\n<\/div><div class=\"btClear btSeparator topSemiSpaced noBorder\" ><hr><\/div><div class=\"btText\" ><\/p>\n<h4>Datenverarbeitung und ihre Rechtsgrundlage bei registrierten Nutzern<\/h4>\n<p style=\"text-align: justify\">Die Verarbeitung &#8211; einschliesslich der Erfassung und Speicherung von Daten registrierter Nutzer &#8211; erfolgt in dem Umfang, der f\u00fcr den Betrieb der auf der Website verf\u00fcgbaren Dienste, f\u00fcr die Kommunikation und f\u00fcr die Information erforderlich ist, sowie zur Erf\u00fcllung der gesetzlichen Pflichten des Verantwortlichen.<\/p>\n<p style=\"text-align: justify\">Die Datenverarbeitung ist ferner erforderlich f\u00fcr den Abschluss, die inhaltliche Bestimmung, die \u00c4nderung und die \u00dcberwachung der Erf\u00fcllung eines Vertrages zwischen dem Verantwortlichen und dem registrierten Kunden, f\u00fcr die Inanspruchnahme der bestellten Dienstleistung, die Rechnungsstellung des Kaufpreises sowie die Durchsetzung damit zusammenh\u00e4ngender Anspr\u00fcche, die Dokumentation der ordnungsgem\u00e4ssen Leistungserbringung und die Erf\u00fcllung buchhalterischer Pflichten.<\/p>\n<p style=\"text-align: justify\">Personenbezogene Daten werden auf der Grundlage der freiwilligen und ausdr\u00fccklichen Einwilligung der betroffenen Personen verarbeitet. Nutzer erteilen ihre Einwilligung durch die Nutzung der Website und die Registrierung auf ihr. Der Verantwortliche darf die von ihm verarbeiteten personenbezogenen Daten auch ohne gesonderte Einwilligung sowie nach dem Widerruf der Einwilligung der betroffenen Person weiterverarbeiten, sofern dies zur Erf\u00fcllung einer gesetzlichen Pflicht erforderlich ist (insbesondere im Hinblick auf gesetzliche Pflichten zur Pr\u00e4vention von Geldw\u00e4sche und Terrorismusfinanzierung).<\/p>\n<p style=\"text-align: justify\">Zur Nutzung der Website des Verantwortlichen sind Nutzer bei der Registrierung verpflichtet, folgende personenbezogene und sonstige Daten anzugeben:<\/p>\n<ul>\n<li>Name \/ Firmenname;<\/li>\n<li>Wohnanschrift \/ Adresse;<\/li>\n<li>Amtliche Registrierungsnummer;<\/li>\n<li>Bei Unternehmen: Name(n) der wirtschaftlich Berechtigten;<\/li>\n<li>Telefonnummer;<\/li>\n<li>E-Mail-Adresse.<\/li>\n<\/ul>\n<p>\n<\/div><div class=\"btClear btSeparator topSemiSpaced noBorder\" ><hr><\/div><div class=\"btText\" ><\/p>\n<h4>Datenverarbeitung und ihre Rechtsgrundlage bei nicht registrierten Nutzern (Besuchern)<\/h4>\n<p style=\"text-align: justify\">Bei jedem Besuch der Website (auch ohne Registrierung) k\u00f6nnen folgende, keiner bestimmten Person zuordenbare Daten zu statistischen Analysezwecken erfasst werden: IP-Adresse des Besuchers; Beginn des Besuchs (je Seite); Ende des Besuchs (je Seite). Sofern ein Forum oder Blog eingef\u00fchrt wird, werden beim Kommentieren oder Einloggen zus\u00e4tzlich folgende technische Informationen erfasst: IP-Adresse; Zeitstempel. Dar\u00fcber hinaus wird bei einer Registrierung in einem solchen Forum oder Blog eine automatische Best\u00e4tigung an die angegebene E-Mail-Adresse versandt.<\/p>\n<p style=\"text-align: justify\">Nutzer sind bei der Registrierung ausserdem verpflichtet, ein Passwort zu w\u00e4hlen. Der Verantwortliche speichert lediglich einen Hash-Wert des Passworts, der ausschliesslich zur \u00dcberpr\u00fcfung der Korrektheit des Passworts geeignet ist und aus dem das Passwort selbst nicht wiederhergestellt werden kann. W\u00e4hrend der Nutzung der Website erfasst der Verantwortliche den Typ des Browsers und des Betriebssystems eingeloggter Nutzer. Diese Daten werden vom System kontinuierlich protokolliert, jedoch nicht mit den bei der Registrierung oder Nutzung angegebenen Daten verkn\u00fcpft. Der Verantwortliche verwendet diese Daten ausschliesslich in anonymisierter Form zu statistischen Zwecken und zum Schutz der Sicherheit der Website.<\/p>\n<p style=\"text-align: justify\">Die Datenverarbeitung erfolgt ausschliesslich in der gesetzlich vorgeschriebenen Weise, in dem f\u00fcr die Zweckerreichung erforderlichen Umfang und f\u00fcr die erforderliche Dauer sowie ausschliesslich mit denjenigen personenbezogenen Daten, die f\u00fcr die Verwirklichung der oben genannten Zwecke unbedingt erforderlich und zur Zweckerreichung geeignet sind.<\/p>\n<p>\n<\/div><div class=\"btClear btSeparator topSemiSpaced noBorder\" ><hr><\/div><div class=\"btText\" ><\/p>\n<h4>Cookies<\/h4>\n<p style=\"text-align: justify\">Die Website verwendet sogenannte Cookies zur Analyse der Websitenutzung und zur Bereitstellung von Diensten. Diese Daten k\u00f6nnen vom Nutzer selbst\u00e4ndig \u00fcber seinen Browser gel\u00f6scht werden.<\/p>\n<p style=\"text-align: justify\"><strong>Analytics-Cookies:<\/strong> Die Website kann das Google Analytics-System von Google Inc. (&#8222;Google&#8220;) sowie das Matomo Analytics-Plugin zur Analyse der Besucherzahlen verwenden. Das Google Analytics-System speichert &#8222;Cookies&#8220; &#8211; einfache, kurze, kleine Textdateien &#8211; auf Ihrem Ger\u00e4t und analysiert damit die Besuche auf unserer Website, um deren Weiterentwicklung zur Verbesserung der Nutzererfahrung zu unterst\u00fctzen. Die im Cookie aufgezeichneten Daten zur Website-Nutzung (einschliesslich Besuchszeitpunkt und IP-Adresse) werden auf Server von Google in den Vereinigten Staaten \u00fcbertragen und dort gespeichert. Google verwendet diese Daten, um Ihr Website-Nutzungsverhalten auszuwerten, Berichte dar\u00fcber f\u00fcr den Verantwortlichen zu erstellen sowie weitere Dienste im Zusammenhang mit der Website-Nutzung und der Internetnutzung zu erbringen.<\/p>\n<p style=\"text-align: justify\">Nutzer, die nicht m\u00f6chten, dass Google Analytics Berichte \u00fcber ihre Besuche erstellt, k\u00f6nnen das Google Analytics Opt-out-Browser-Add-on installieren. Um die Analytics-Aktivit\u00e4t zu deaktivieren, besuchen Sie bitte die <a href=\"http:\/\/tools.google.com\/dlpage\/gaoptout\" target=\"_blank\">Google Analytics-Deaktivierungsseite<\/a> und installieren Sie das Add-on in Ihrem Browser.<\/p>\n<p style=\"text-align: justify\"><strong>Zielgerichtete oder Werbe-Cookies:<\/strong> Um unsere Besucher mit den f\u00fcr ihre Interessen relevantesten Marketinginformationen zu versorgen, k\u00f6nnen wir auch personalisierte, d.h. zielgerichtete oder Werbe-Cookies verwenden. Hierf\u00fcr ist die ausdr\u00fcckliche Einwilligung des Website-Besuchers erforderlich, die durch Klicken auf die entsprechende Schaltfl\u00e4che in einem gesonderten Textfeld auf der jeweiligen Webseite erteilt werden kann.<\/p>\n<p style=\"text-align: justify\"><strong>Sitzungs-Cookies:<\/strong> Diese sind f\u00fcr die Navigation auf der Website, den Betrieb ihrer wesentlichen Funktionen und den Zugang zu gesch\u00fctzten Inhalten unerl\u00e4sslich. Sie speichern Informationen, die zum Ausf\u00fcllen von Formularen erforderlich sind, sowie gegebenenfalls die vom Besucher gew\u00e4hlte Sprache, und erheben keine Informationen \u00fcber den Besucher, die zu dessen Identifizierung oder f\u00fcr Marketingzwecke verwendet werden k\u00f6nnten. Diese Cookies werden nach dem Schliessen des Browsers automatisch gel\u00f6scht und die Sitzung beendet.<\/p>\n<p style=\"text-align: justify\"><strong>Funktionale Cookies:<\/strong> Diese Cookies erkennen, mit welchem Ger\u00e4t die Website aufgerufen wurde, und merken sich fr\u00fchere Nutzerentscheidungen des Besuchers (wie z.B. Benutzername, Passwort, gew\u00e4hlte Sprache oder ob der Nutzer in einer fr\u00fcheren Sitzung eingeloggt war), um dem Besucher bessere und personalisiertere Funktionen bieten zu k\u00f6nnen.<\/p>\n<p style=\"text-align: justify\"><strong>Drittanbieter-Cookies:<\/strong> Wir k\u00f6nnen auf unserer Website mithilfe externer Webdienste verschiedene Inhalte einbinden, was zur Speicherung bestimmter Cookies f\u00fchren kann, die wir nicht kontrollieren. Wir haben daher keinen Einfluss darauf, welche Daten diese Websites oder externen Domains dar\u00fcber erfassen, wie Besucher oder registrierte Nutzer mit diesen eingebetteten Inhalten interagieren.<\/p>\n<p>\n<\/div><div class=\"btClear btSeparator topSemiSpaced noBorder\" ><hr><\/div><div class=\"btText\" ><\/p>\n<h4>Google Analytics und Matomo Analytics &#8211; Besucherstatistik<\/h4>\n<p style=\"text-align: justify\">Die Datenschutzrichtlinien der genannten Drittanbieter finden Sie auf den Websites der jeweiligen Anbieter.<\/p>\n<p>\n<\/div><div class=\"btClear btSeparator topSemiSpaced noBorder\" ><hr><\/div><div class=\"btText\" ><\/p>\n<h4>Daten\u00fcbermittlung<\/h4>\n<p style=\"text-align: justify\">E-Mail-Adressen als personenbezogene Daten k\u00f6nnen im Rahmen elektronischer Benachrichtigungen ausl\u00e4ndische Server passieren, werden dort jedoch nicht gespeichert. Der Verantwortliche macht die von ihm verarbeiteten Daten in keiner Form Dritten zug\u00e4nglich (ausgenommen die obligatorische Daten\u00fcbermittlung an eine gesetzlich dazu erm\u00e4chtigte Beh\u00f6rde) und trifft alle zumutbaren Massnahmen zur Wahrung der Vertraulichkeit der Daten; er verpflichtet die Gesch\u00e4ftspartner des Kunden vertraglich entsprechend.<\/p>\n<p>\n<\/div><div class=\"btClear btSeparator topSemiSpaced noBorder\" ><hr><\/div><div class=\"btText\" ><\/p>\n<h4>Dauer der Datenverarbeitung<\/h4>\n<p style=\"text-align: justify\">Die Verarbeitung der bei der Registrierung verpflichtend angegebenen Daten beginnt mit der Registrierung und dauert bis zur L\u00f6schung der Daten, ausgenommen jene Daten, die der Verantwortliche zur Erf\u00fcllung gesetzlicher Pflichten (insbesondere im Hinblick auf gesetzliche Pflichten zur Pr\u00e4vention von Geldw\u00e4sche und Terrorismusfinanzierung) f\u00fcr die gesetzlich vorgeschriebenen Fristen aufbewahren muss. Bei Aufhebung der Registrierung werden die bei der Registrierung angegebenen Daten aus der elektronischen Datenbank des Verantwortlichen gel\u00f6scht.<\/p>\n<p>\n<\/div><div class=\"btClear btSeparator topSemiSpaced noBorder\" ><hr><\/div><div class=\"btText\" ><\/p>\n<h4>Datensicherheit<\/h4>\n<p style=\"text-align: justify\">Der Verantwortliche trifft alle erforderlichen Massnahmen, um die Sicherheit der von Nutzern angegebenen personenbezogenen Daten sowohl bei der Netzwerkkommunikation als auch bei der Speicherung und Aufbewahrung der Daten zu gew\u00e4hrleisten.<\/p>\n<p>\n<\/div><div class=\"btClear btSeparator topSemiSpaced noBorder\" ><hr><\/div><div class=\"btText\" ><\/p>\n<h4>\u00c4nderung und L\u00f6schung von Daten<\/h4>\n<p style=\"text-align: justify\">Registrierte Nutzer k\u00f6nnen ihre Daten nach dem Einloggen in ihrem Profilbereich \u00e4ndern. Nutzer sind jederzeit berechtigt, die L\u00f6schung ihrer Daten \u00fcber einen an den Verantwortlichen gerichteten L\u00f6schungsantrag zu beantragen. Der Antrag kann sich nicht auf Daten beziehen, die der Verantwortliche zur Erf\u00fcllung gesetzlicher Pflichten (insbesondere im Hinblick auf gesetzliche Pflichten zur Pr\u00e4vention von Geldw\u00e4sche und Terrorismusfinanzierung) f\u00fcr die gesetzlich vorgeschriebenen Fristen aufbewahren muss.<\/p>\n<p>\n<\/div><div class=\"btClear btSeparator topSemiSpaced noBorder\" ><hr><\/div><div class=\"btText\" ><\/p>\n<h4>Rechte der betroffenen Personen<\/h4>\n<p style=\"text-align: justify\">Jede betroffene Person kann &#8211; Auskunft, d.h. Information \u00fcber die Verarbeitung ihrer Daten, verlangen; &#8211; Berichtigung verlangen, wenn Daten fehlerhaft erfasst wurden oder sich ge\u00e4ndert haben; &#8211; die Einschr\u00e4nkung der Verarbeitung verlangen; &#8211; die L\u00f6schung ihrer Daten verlangen, wenn diese unrechtm\u00e4ssig verarbeitet wurden oder die Rechtsgrundlage der Verarbeitung weggefallen ist (z.B. wenn die Einwilligung widerrufen wurde und keine andere Rechtsgrundlage mehr besteht) &#8211; dies ist das sogenannte &#8222;Recht auf Vergessenwerden&#8220;; &#8211; die \u00dcbertragbarkeit ihrer Daten verlangen, d.h. die verarbeiteten Daten in einem &#8222;strukturierten, g\u00e4ngigen, maschinenlesbaren Format&#8220; anfordern, um sie zu einem anderen Anbieter zu \u00fcbertragen; &#8211; der Verarbeitung ihrer Daten widersprechen.<\/p>\n<p style=\"text-align: justify\">Der Verantwortliche ist verpflichtet, die erbetene Auskunft zu erteilen sowie \u00c4nderungen oder L\u00f6schungen unverz\u00fcglich vorzunehmen.<\/p>\n<p>\n<\/div><div class=\"btClear btSeparator topSemiSpaced noBorder\" ><hr><\/div><div class=\"btText\" ><\/p>\n<h4>\u00c4nderung der Datenschutzinformation<\/h4>\n<p style=\"text-align: justify\">Der Verantwortliche ist berechtigt, diese Datenschutzinformation nach vorheriger Benachrichtigung der Nutzer einseitig zu \u00e4ndern. Die ge\u00e4nderten Bestimmungen treten gegen\u00fcber dem jeweiligen Nutzer mit der ersten Nutzung der Website nach der Ver\u00f6ffentlichung der \u00c4nderung in Kraft. \u00c4nderungen d\u00fcrfen die gesetzlich vorgeschriebenen Datenschutzpflichten nicht ber\u00fchren.<\/p>\n<p>\n<\/div><div class=\"btClear btSeparator topSemiSpaced noBorder\" ><hr><\/div><div class=\"btText\" ><\/p>\n<h4>Rechtsdurchsetzung und Beschwerden<\/h4>\n<p style=\"text-align: justify\">Nutzer k\u00f6nnen sich mit Beschwerden zur Datenverarbeitung direkt an die Nationale Beh\u00f6rde f\u00fcr Datenschutz und Informationsfreiheit wenden (Anschrift: 1125 Budapest, Szil\u00e1gyi Erzs\u00e9bet fasor 22\/c., Ungarn; Telefon: <a href=\"tel:+3613911400\">+36-1-391-1400<\/a>; E-Mail: <a href=\"mailto:ugyfelszolgalat@naih.hu\">ugyfelszolgalat@naih.hu<\/a>; Website: <a href=\"https:\/\/www.naih.hu\" target=\"_blank\">www.naih.hu<\/a>).<\/p>\n<p style=\"text-align: justify\">Im Falle einer Verletzung ihrer Rechte k\u00f6nnen Nutzer Klage vor Gericht erheben. Die Zust\u00e4ndigkeit liegt beim ungarischen Regionalgericht (T\u00f6rv\u00e9nysz\u00e9k). Das Verfahren kann &#8211; nach Wahl der betroffenen Person &#8211; auch vor dem Gericht am Wohn- oder Aufenthaltsort der betroffenen Person eingeleitet werden. Der Verantwortliche informiert den Nutzer auf Anfrage \u00fcber die verf\u00fcgbaren Rechtsbehelfe und Rechtsmittel.<\/p>\n<p>\n<\/div><div class=\"btClear btSeparator topSemiSpaced noBorder\" ><hr><\/div><div class=\"btText\" ><\/p>\n<h6>Julius-Globe GmbH<\/h6>\n<p>\n<\/div><\/div><\/div><\/div><\/div><\/div><\/div><\/div><\/section>\n","protected":false},"excerpt":{"rendered":"","protected":false},"author":4,"featured_media":4855,"parent":0,"menu_order":0,"comment_status":"closed","ping_status":"closed","template":"","meta":{"footnotes":""},"class_list":["post-5323","page","type-page","status-publish","has-post-thumbnail","hentry"],"yoast_head":"<!-- This site is optimized with the Yoast SEO plugin v27.4 - https:\/\/yoast.com\/product\/yoast-seo-wordpress\/ -->\n<title>Datenschutzerkl\u00e4rung - Julius-Globe<\/title>\n<meta name=\"robots\" content=\"index, follow, max-snippet:-1, max-image-preview:large, max-video-preview:-1\" \/>\n<link rel=\"canonical\" href=\"https:\/\/www.jglobe.hu\/de\/adatkezelesi-tajekoztato\/\" \/>\n<meta property=\"og:locale\" content=\"de_DE\" \/>\n<meta property=\"og:type\" content=\"article\" \/>\n<meta property=\"og:title\" content=\"Datenschutzerkl\u00e4rung - Julius-Globe\" \/>\n<meta property=\"og:url\" content=\"https:\/\/www.jglobe.hu\/de\/adatkezelesi-tajekoztato\/\" \/>\n<meta property=\"og:site_name\" content=\"Julius-Globe\" \/>\n<meta property=\"article:publisher\" content=\"https:\/\/www.facebook.com\/juliusglobekft\/?locale=hu_HU\" \/>\n<meta property=\"article:modified_time\" content=\"2026-04-21T13:27:40+00:00\" \/>\n<meta property=\"og:image\" content=\"https:\/\/www.jglobe.hu\/wp-content\/uploads\/2026\/04\/jg_header_4.jpg\" \/>\n\t<meta property=\"og:image:width\" content=\"1800\" \/>\n\t<meta property=\"og:image:height\" content=\"452\" \/>\n\t<meta property=\"og:image:type\" content=\"image\/jpeg\" \/>\n<meta name=\"twitter:card\" content=\"summary_large_image\" \/>\n<meta name=\"twitter:label1\" content=\"Gesch\u00e4tzte Lesezeit\" \/>\n\t<meta name=\"twitter:data1\" content=\"13\u00a0Minuten\" \/>\n<script type=\"application\/ld+json\" class=\"yoast-schema-graph\">{\"@context\":\"https:\\\/\\\/schema.org\",\"@graph\":[{\"@type\":\"WebPage\",\"@id\":\"https:\\\/\\\/www.jglobe.hu\\\/de\\\/adatkezelesi-tajekoztato\\\/\",\"url\":\"https:\\\/\\\/www.jglobe.hu\\\/de\\\/adatkezelesi-tajekoztato\\\/\",\"name\":\"Datenschutzerkl\u00e4rung - Julius-Globe\",\"isPartOf\":{\"@id\":\"https:\\\/\\\/www.jglobe.hu\\\/#website\"},\"primaryImageOfPage\":{\"@id\":\"https:\\\/\\\/www.jglobe.hu\\\/de\\\/adatkezelesi-tajekoztato\\\/#primaryimage\"},\"image\":{\"@id\":\"https:\\\/\\\/www.jglobe.hu\\\/de\\\/adatkezelesi-tajekoztato\\\/#primaryimage\"},\"thumbnailUrl\":\"https:\\\/\\\/www.jglobe.hu\\\/wp-content\\\/uploads\\\/2026\\\/04\\\/jg_header_4.jpg\",\"datePublished\":\"2026-04-18T13:29:57+00:00\",\"dateModified\":\"2026-04-21T13:27:40+00:00\",\"breadcrumb\":{\"@id\":\"https:\\\/\\\/www.jglobe.hu\\\/de\\\/adatkezelesi-tajekoztato\\\/#breadcrumb\"},\"inLanguage\":\"de\",\"potentialAction\":[{\"@type\":\"ReadAction\",\"target\":[\"https:\\\/\\\/www.jglobe.hu\\\/de\\\/adatkezelesi-tajekoztato\\\/\"]}]},{\"@type\":\"ImageObject\",\"inLanguage\":\"de\",\"@id\":\"https:\\\/\\\/www.jglobe.hu\\\/de\\\/adatkezelesi-tajekoztato\\\/#primaryimage\",\"url\":\"https:\\\/\\\/www.jglobe.hu\\\/wp-content\\\/uploads\\\/2026\\\/04\\\/jg_header_4.jpg\",\"contentUrl\":\"https:\\\/\\\/www.jglobe.hu\\\/wp-content\\\/uploads\\\/2026\\\/04\\\/jg_header_4.jpg\",\"width\":1800,\"height\":452},{\"@type\":\"BreadcrumbList\",\"@id\":\"https:\\\/\\\/www.jglobe.hu\\\/de\\\/adatkezelesi-tajekoztato\\\/#breadcrumb\",\"itemListElement\":[{\"@type\":\"ListItem\",\"position\":1,\"name\":\"Kezd\u0151lap\",\"item\":\"https:\\\/\\\/www.jglobe.hu\\\/de\\\/\"},{\"@type\":\"ListItem\",\"position\":2,\"name\":\"Datenschutzerkl\u00e4rung\"}]},{\"@type\":\"WebSite\",\"@id\":\"https:\\\/\\\/www.jglobe.hu\\\/#website\",\"url\":\"https:\\\/\\\/www.jglobe.hu\\\/\",\"name\":\"Julius-Globe\",\"description\":\"A NAVIGATOR f\u00e9mipari tud\u00e1sk\u00f6zpontja\",\"publisher\":{\"@id\":\"https:\\\/\\\/www.jglobe.hu\\\/#organization\"},\"potentialAction\":[{\"@type\":\"SearchAction\",\"target\":{\"@type\":\"EntryPoint\",\"urlTemplate\":\"https:\\\/\\\/www.jglobe.hu\\\/?s={search_term_string}\"},\"query-input\":{\"@type\":\"PropertyValueSpecification\",\"valueRequired\":true,\"valueName\":\"search_term_string\"}}],\"inLanguage\":\"de\"},{\"@type\":\"Organization\",\"@id\":\"https:\\\/\\\/www.jglobe.hu\\\/#organization\",\"name\":\"Julius-Globe\",\"url\":\"https:\\\/\\\/www.jglobe.hu\\\/\",\"logo\":{\"@type\":\"ImageObject\",\"inLanguage\":\"de\",\"@id\":\"https:\\\/\\\/www.jglobe.hu\\\/#\\\/schema\\\/logo\\\/image\\\/\",\"url\":\"https:\\\/\\\/www.jglobe.hu\\\/wp-content\\\/uploads\\\/2026\\\/03\\\/JG-fekvo-szines-kicsi.png\",\"contentUrl\":\"https:\\\/\\\/www.jglobe.hu\\\/wp-content\\\/uploads\\\/2026\\\/03\\\/JG-fekvo-szines-kicsi.png\",\"width\":2484,\"height\":1069,\"caption\":\"Julius-Globe\"},\"image\":{\"@id\":\"https:\\\/\\\/www.jglobe.hu\\\/#\\\/schema\\\/logo\\\/image\\\/\"},\"sameAs\":[\"https:\\\/\\\/www.facebook.com\\\/juliusglobekft\\\/?locale=hu_HU\"]}]}<\/script>\n<!-- \/ Yoast SEO plugin. -->","yoast_head_json":{"title":"Datenschutzerkl\u00e4rung - Julius-Globe","robots":{"index":"index","follow":"follow","max-snippet":"max-snippet:-1","max-image-preview":"max-image-preview:large","max-video-preview":"max-video-preview:-1"},"canonical":"https:\/\/www.jglobe.hu\/de\/adatkezelesi-tajekoztato\/","og_locale":"de_DE","og_type":"article","og_title":"Datenschutzerkl\u00e4rung - Julius-Globe","og_url":"https:\/\/www.jglobe.hu\/de\/adatkezelesi-tajekoztato\/","og_site_name":"Julius-Globe","article_publisher":"https:\/\/www.facebook.com\/juliusglobekft\/?locale=hu_HU","article_modified_time":"2026-04-21T13:27:40+00:00","og_image":[{"width":1800,"height":452,"url":"https:\/\/www.jglobe.hu\/wp-content\/uploads\/2026\/04\/jg_header_4.jpg","type":"image\/jpeg"}],"twitter_card":"summary_large_image","twitter_misc":{"Gesch\u00e4tzte Lesezeit":"13\u00a0Minuten"},"schema":{"@context":"https:\/\/schema.org","@graph":[{"@type":"WebPage","@id":"https:\/\/www.jglobe.hu\/de\/adatkezelesi-tajekoztato\/","url":"https:\/\/www.jglobe.hu\/de\/adatkezelesi-tajekoztato\/","name":"Datenschutzerkl\u00e4rung - Julius-Globe","isPartOf":{"@id":"https:\/\/www.jglobe.hu\/#website"},"primaryImageOfPage":{"@id":"https:\/\/www.jglobe.hu\/de\/adatkezelesi-tajekoztato\/#primaryimage"},"image":{"@id":"https:\/\/www.jglobe.hu\/de\/adatkezelesi-tajekoztato\/#primaryimage"},"thumbnailUrl":"https:\/\/www.jglobe.hu\/wp-content\/uploads\/2026\/04\/jg_header_4.jpg","datePublished":"2026-04-18T13:29:57+00:00","dateModified":"2026-04-21T13:27:40+00:00","breadcrumb":{"@id":"https:\/\/www.jglobe.hu\/de\/adatkezelesi-tajekoztato\/#breadcrumb"},"inLanguage":"de","potentialAction":[{"@type":"ReadAction","target":["https:\/\/www.jglobe.hu\/de\/adatkezelesi-tajekoztato\/"]}]},{"@type":"ImageObject","inLanguage":"de","@id":"https:\/\/www.jglobe.hu\/de\/adatkezelesi-tajekoztato\/#primaryimage","url":"https:\/\/www.jglobe.hu\/wp-content\/uploads\/2026\/04\/jg_header_4.jpg","contentUrl":"https:\/\/www.jglobe.hu\/wp-content\/uploads\/2026\/04\/jg_header_4.jpg","width":1800,"height":452},{"@type":"BreadcrumbList","@id":"https:\/\/www.jglobe.hu\/de\/adatkezelesi-tajekoztato\/#breadcrumb","itemListElement":[{"@type":"ListItem","position":1,"name":"Kezd\u0151lap","item":"https:\/\/www.jglobe.hu\/de\/"},{"@type":"ListItem","position":2,"name":"Datenschutzerkl\u00e4rung"}]},{"@type":"WebSite","@id":"https:\/\/www.jglobe.hu\/#website","url":"https:\/\/www.jglobe.hu\/","name":"Julius-Globe","description":"A NAVIGATOR f\u00e9mipari tud\u00e1sk\u00f6zpontja","publisher":{"@id":"https:\/\/www.jglobe.hu\/#organization"},"potentialAction":[{"@type":"SearchAction","target":{"@type":"EntryPoint","urlTemplate":"https:\/\/www.jglobe.hu\/?s={search_term_string}"},"query-input":{"@type":"PropertyValueSpecification","valueRequired":true,"valueName":"search_term_string"}}],"inLanguage":"de"},{"@type":"Organization","@id":"https:\/\/www.jglobe.hu\/#organization","name":"Julius-Globe","url":"https:\/\/www.jglobe.hu\/","logo":{"@type":"ImageObject","inLanguage":"de","@id":"https:\/\/www.jglobe.hu\/#\/schema\/logo\/image\/","url":"https:\/\/www.jglobe.hu\/wp-content\/uploads\/2026\/03\/JG-fekvo-szines-kicsi.png","contentUrl":"https:\/\/www.jglobe.hu\/wp-content\/uploads\/2026\/03\/JG-fekvo-szines-kicsi.png","width":2484,"height":1069,"caption":"Julius-Globe"},"image":{"@id":"https:\/\/www.jglobe.hu\/#\/schema\/logo\/image\/"},"sameAs":["https:\/\/www.facebook.com\/juliusglobekft\/?locale=hu_HU"]}]}},"_links":{"self":[{"href":"https:\/\/www.jglobe.hu\/de\/wp-json\/wp\/v2\/pages\/5323","targetHints":{"allow":["GET"]}}],"collection":[{"href":"https:\/\/www.jglobe.hu\/de\/wp-json\/wp\/v2\/pages"}],"about":[{"href":"https:\/\/www.jglobe.hu\/de\/wp-json\/wp\/v2\/types\/page"}],"author":[{"embeddable":true,"href":"https:\/\/www.jglobe.hu\/de\/wp-json\/wp\/v2\/users\/4"}],"replies":[{"embeddable":true,"href":"https:\/\/www.jglobe.hu\/de\/wp-json\/wp\/v2\/comments?post=5323"}],"version-history":[{"count":4,"href":"https:\/\/www.jglobe.hu\/de\/wp-json\/wp\/v2\/pages\/5323\/revisions"}],"predecessor-version":[{"id":5363,"href":"https:\/\/www.jglobe.hu\/de\/wp-json\/wp\/v2\/pages\/5323\/revisions\/5363"}],"wp:featuredmedia":[{"embeddable":true,"href":"https:\/\/www.jglobe.hu\/de\/wp-json\/wp\/v2\/media\/4855"}],"wp:attachment":[{"href":"https:\/\/www.jglobe.hu\/de\/wp-json\/wp\/v2\/media?parent=5323"}],"curies":[{"name":"wp","href":"https:\/\/api.w.org\/{rel}","templated":true}]}}